{"id":85595,"date":"2021-11-23T12:01:15","date_gmt":"2021-11-23T11:01:15","guid":{"rendered":"https:\/\/girona.euses.cat\/visita-campus-salt\/"},"modified":"2025-01-15T13:46:07","modified_gmt":"2025-01-15T12:46:07","slug":"visita-campus-salt","status":"publish","type":"page","link":"https:\/\/girona.euses.cat\/es\/visita-campus-salt\/","title":{"rendered":"Visitas campus"},"content":{"rendered":"\n<div class=\"wpcf7 no-js\" id=\"wpcf7-f85590-o1\" lang=\"es-ES\" dir=\"ltr\" data-wpcf7-id=\"85590\">\n<div class=\"screen-reader-response\"><p role=\"status\" aria-live=\"polite\" aria-atomic=\"true\"><\/p> <ul><\/ul><\/div>\n<form action=\"\/es\/wp-json\/wp\/v2\/pages\/85595#wpcf7-f85590-o1\" method=\"post\" class=\"wpcf7-form init\" aria-label=\"Formulario de contacto\" novalidate=\"novalidate\" data-status=\"init\">\n<fieldset class=\"hidden-fields-container\"><input type=\"hidden\" name=\"_wpcf7\" value=\"85590\" \/><input type=\"hidden\" name=\"_wpcf7_version\" value=\"6.1.7\" \/><input type=\"hidden\" name=\"_wpcf7_locale\" value=\"es_ES\" \/><input type=\"hidden\" name=\"_wpcf7_unit_tag\" value=\"wpcf7-f85590-o1\" \/><input type=\"hidden\" name=\"_wpcf7_container_post\" value=\"0\" \/><input type=\"hidden\" name=\"_wpcf7_posted_data_hash\" value=\"\" \/><input type=\"hidden\" name=\"_wpcf7cf_hidden_group_fields\" value=\"[]\" \/><input type=\"hidden\" name=\"_wpcf7cf_hidden_groups\" value=\"[]\" \/><input type=\"hidden\" name=\"_wpcf7cf_visible_groups\" value=\"[]\" \/><input type=\"hidden\" name=\"_wpcf7cf_repeaters\" value=\"[]\" \/><input type=\"hidden\" name=\"_wpcf7cf_steps\" value=\"{}\" \/><input type=\"hidden\" name=\"_wpcf7cf_options\" value=\"{&quot;form_id&quot;:85590,&quot;conditions&quot;:[],&quot;settings&quot;:{&quot;animation&quot;:&quot;yes&quot;,&quot;animation_intime&quot;:200,&quot;animation_outtime&quot;:200,&quot;conditions_ui&quot;:&quot;normal&quot;,&quot;notice_dismissed&quot;:false,&quot;repeater_remove_button&quot;:&quot;bottom&quot;}}\" \/><input type=\"hidden\" name=\"_wpcf7_recaptcha_response\" value=\"\" \/>\n<\/fieldset>\n<p><span class=\"wpcf7-form-control-wrap id_lead\"><input class=\"wpcf7-form-control wpcf7-shortcodehidden wpcf7-validates-as-shortcodefield\" id=\"id_lead\" type=\"hidden\" value=\"\" name=\"id_lead\" \/><\/span>\n<\/p>\n<p><input type=\"hidden\" name=\"Etiquetas\" value=\"visita-gir\" \/>\n<\/p>\n<p><span class=\"wpcf7-form-control-wrap\" data-name=\"estudis-JPO\"><input size=\"40\" maxlength=\"400\" class=\"wpcf7-form-control wpcf7-text\" id=\"estudis-JPO\" aria-invalid=\"false\" value=\"\" type=\"text\" name=\"estudis-JPO\" \/><\/span>\n<\/p>\n<p><label><span class=\"wpcf7-form-control-wrap\" data-name=\"your-name\"><input size=\"40\" maxlength=\"400\" class=\"wpcf7-form-control wpcf7-text wpcf7-validates-as-required\" aria-required=\"true\" aria-invalid=\"false\" placeholder=\"Nombre y apellidos\" value=\"\" type=\"text\" name=\"your-name\" \/><\/span><\/label>\n<\/p>\n<p><label><span class=\"wpcf7-form-control-wrap\" data-name=\"ciutat\"><input size=\"40\" maxlength=\"400\" class=\"wpcf7-form-control wpcf7-text wpcf7-validates-as-required\" aria-required=\"true\" aria-invalid=\"false\" placeholder=\"Poblaci\u00f3n\" value=\"\" type=\"text\" name=\"ciutat\" \/><\/span><\/label>\n<\/p>\n<p><label><span class=\"wpcf7-form-control-wrap\" data-name=\"your-email\"><input size=\"40\" maxlength=\"400\" class=\"wpcf7-form-control wpcf7-email wpcf7-validates-as-required wpcf7-text wpcf7-validates-as-email\" aria-required=\"true\" aria-invalid=\"false\" placeholder=\"E-mail\" value=\"\" type=\"email\" name=\"your-email\" \/><\/span><\/label>\n<\/p>\n<p><label><span class=\"wpcf7-form-control-wrap\" data-name=\"telefon\"><input size=\"40\" maxlength=\"400\" class=\"wpcf7-form-control wpcf7-text wpcf7-validates-as-required\" aria-required=\"true\" aria-invalid=\"false\" placeholder=\"Tel\u00e9fono\" value=\"\" type=\"text\" name=\"telefon\" \/><\/span><\/label>\n<\/p>\n<p class=\"info\"><br \/>\n<span>Quieres recibir informaci\u00f3n de:<\/span><br \/>\nIndica el estudio del que te gustar\u00eda informarte\n<\/p>\n<p><span class=\"wpcf7-form-control-wrap\" data-name=\"radio-info\"><span class=\"wpcf7-form-control wpcf7-radio\"><span class=\"wpcf7-list-item first\"><input type=\"radio\" name=\"radio-info\" value=\"Grado en Ciencias de la Actividad F\u00edsica y del Deporte  - UdG (Campus de Salt)\" \/><span class=\"wpcf7-list-item-label\">Grado en Ciencias de la Actividad F\u00edsica y del Deporte  - UdG (Campus de Salt)<\/span><\/span><span class=\"wpcf7-list-item\"><input type=\"radio\" name=\"radio-info\" value=\"Grado en Fisioterapia - UdG (Campus de Salt)\" \/><span class=\"wpcf7-list-item-label\">Grado en Fisioterapia - UdG (Campus de Salt)<\/span><\/span><span class=\"wpcf7-list-item\"><input type=\"radio\" name=\"radio-info\" value=\"Grado en Nutrici\u00f3n Humana y Diet\u00e9tica\" \/><span class=\"wpcf7-list-item-label\">Grado en Nutrici\u00f3n Humana y Diet\u00e9tica<\/span><\/span><span class=\"wpcf7-list-item\"><input type=\"radio\" name=\"radio-info\" value=\"Doble Grau en Ciencias de la Actividad F\u00edsica y del Deporte + Fisioterapia - UdG (Campus de Salt)\" \/><span class=\"wpcf7-list-item-label\">Doble Grau en Ciencias de la Actividad F\u00edsica y del Deporte + Fisioterapia - UdG (Campus de Salt)<\/span><\/span><span class=\"wpcf7-list-item\"><input type=\"radio\" name=\"radio-info\" value=\"Ciclo Formativo de Anatom\u00eda Patol\u00f3gica y Citodiagn\u00f3stico\" \/><span class=\"wpcf7-list-item-label\">Ciclo Formativo de Anatom\u00eda Patol\u00f3gica y Citodiagn\u00f3stico<\/span><\/span><span class=\"wpcf7-list-item\"><input type=\"radio\" name=\"radio-info\" value=\"Ciclo Formativo de Imagen para el Diagn\u00f3stico y Medicina Nuclear\" \/><span class=\"wpcf7-list-item-label\">Ciclo Formativo de Imagen para el Diagn\u00f3stico y Medicina Nuclear<\/span><\/span><span class=\"wpcf7-list-item\"><input type=\"radio\" name=\"radio-info\" value=\"Ciclo Formativo en Diet\u00e9tica\" \/><span class=\"wpcf7-list-item-label\">Ciclo Formativo en Diet\u00e9tica<\/span><\/span><span class=\"wpcf7-list-item\"><input type=\"radio\" name=\"radio-info\" value=\"Ciclo Formativo en Radioterapia y Dosimetr\u00eda\" \/><span class=\"wpcf7-list-item-label\">Ciclo Formativo en Radioterapia y Dosimetr\u00eda<\/span><\/span><span class=\"wpcf7-list-item\"><input type=\"radio\" name=\"radio-info\" value=\"Ciclo Formativo en emergencias sanitarias\" \/><span class=\"wpcf7-list-item-label\">Ciclo Formativo en emergencias sanitarias<\/span><\/span><span class=\"wpcf7-list-item\"><input type=\"radio\" name=\"radio-info\" value=\"Ciclo formativo de grado superior en Acondicionamiento F\u00edsico\" \/><span class=\"wpcf7-list-item-label\">Ciclo formativo de grado superior en Acondicionamiento F\u00edsico<\/span><\/span><span class=\"wpcf7-list-item last\"><input type=\"radio\" name=\"radio-info\" value=\"Ciclo formativo de grado superior en Ense\u00f1anza y Animaci\u00f3n Sociodeportiva\" \/><span class=\"wpcf7-list-item-label\">Ciclo formativo de grado superior en Ense\u00f1anza y Animaci\u00f3n Sociodeportiva<\/span><\/span><\/span><\/span>\n<\/p>\n<div class=\"visita-date\">\n\t<p>\u00bfQu\u00e9 d\u00eda querr\u00eda realizar la visita? (Lunes-Viernes)\n\t<\/p>\n\t<p>\u00bfA qu\u00e9 hora? (9 - 13h \/ 15 - 17h)\n\t<\/p>\n<\/div>\n<p><span class=\"wpcf7-form-control-wrap\" data-name=\"data-picker\"><input size=\"40\" maxlength=\"400\" class=\"wpcf7-form-control wpcf7-text avdp-start-datetime\" aria-invalid=\"false\" value=\"\" type=\"text\" name=\"data-picker\" \/><\/span>\n<\/p>\n<p style=\"font-size:12px;\"><br \/>\nESCUELA SALUD Y DEPORTE, S.L. como responsable del tratamiento tratar\u00e1 tus datos con la finalidad de gestionar las solicitudes de informaci\u00f3n realizadas a trav\u00e9s de la web y la elaboraci\u00f3n de perfiles de los usuarios para enviarles comunicaciones comerciales de los programas de formaci\u00f3n (grados, m\u00e1steres, postgrados, cursos, jornadas, seminarios, etc), actividades y servicios que puedan ser de su inter\u00e9s. Puedes acceder, rectificar y suprimir tus datos, as\u00ed como ejercer otros derechos consultando la informaci\u00f3n adicional y detallada sobre protecci\u00f3n de datos en nuestra Pol\u00edtica de Privacidad.\n<\/p>\n<p><span class=\"wpcf7-form-control-wrap\" data-name=\"acceptance-852\"><span class=\"wpcf7-form-control wpcf7-acceptance\"><span class=\"wpcf7-list-item\"><label><input type=\"checkbox\" name=\"acceptance-852\" value=\"1\" aria-invalid=\"false\" \/><span class=\"wpcf7-list-item-label\">Acepto el tratamiento de los datos conformo la <a href=\"http:\/\/girona.euses.cat\/es\/proteccion-de-datos\">Pol\u00edtica de Privacidad<\/a>, especialmente, las elaboraciones de perfiles y la transferencia de datos fuera de la UE.<\/span><\/label><\/span><\/span><\/span>\n<\/p>\n<p><span class=\"wpcf7-form-control-wrap\" data-name=\"acceptance-905\"><span class=\"wpcf7-form-control wpcf7-acceptance\"><span class=\"wpcf7-list-item\"><label><input type=\"checkbox\" name=\"acceptance-905\" value=\"1\" aria-invalid=\"false\" \/><span class=\"wpcf7-list-item-label\">Bajo mi responsabilidad declaro que tengo 14 a\u00f1os o m\u00e1s.<\/span><\/label><\/span><\/span><\/span>\n<\/p>\n<p><span class=\"wpcf7-form-control-wrap\" data-name=\"checkbox-686\"><span class=\"wpcf7-form-control wpcf7-checkbox\"><span class=\"wpcf7-list-item first last\"><input type=\"checkbox\" name=\"checkbox-686[]\" value=\"Acepto el env\u00edo de comunicaciones informativas\" \/><span class=\"wpcf7-list-item-label\">Acepto el env\u00edo de comunicaciones informativas<\/span><\/span><\/span><\/span>\n<\/p>\n<p><span id=\"send_estudis-visita-radio\"><input class=\"wpcf7-form-control wpcf7-submit has-spinner\" type=\"submit\" value=\"Enviar\" \/><\/span>\n<\/p><div class=\"wpcf7-response-output\" aria-hidden=\"true\"><\/div>\n<\/form>\n<\/div>\n\n","protected":false},"excerpt":{"rendered":"","protected":false},"author":1,"featured_media":0,"parent":0,"menu_order":0,"comment_status":"closed","ping_status":"closed","template":"page-visites-escola.php","meta":{"_acf_changed":false,"inline_featured_image":false,"ngg_post_thumbnail":0,"footnotes":""},"class_list":["post-85595","page","type-page","status-publish","hentry"],"acf":[],"yoast_head":"<!-- This site is optimized with the Yoast SEO plugin v28.3 - https:\/\/yoast.com\/product\/yoast-seo-wordpress\/ -->\n<title>Visitas campus | Euses - Campus de Salt (Girona)<\/title>\n<meta name=\"robots\" content=\"index, follow, max-snippet:-1, max-image-preview:large, max-video-preview:-1\" \/>\n<link rel=\"canonical\" href=\"https:\/\/girona.euses.cat\/es\/visita-campus-salt\/\" \/>\n<meta property=\"og:locale\" content=\"es_ES\" \/>\n<meta property=\"og:type\" content=\"article\" \/>\n<meta property=\"og:title\" content=\"Visitas campus | Euses - Campus de Salt (Girona)\" \/>\n<meta property=\"og:url\" content=\"https:\/\/girona.euses.cat\/es\/visita-campus-salt\/\" \/>\n<meta property=\"og:site_name\" content=\"Euses - Campus de Salt (Girona)\" \/>\n<meta property=\"article:publisher\" content=\"https:\/\/www.facebook.com\/EUSESoficial\" \/>\n<meta property=\"article:modified_time\" content=\"2025-01-15T12:46:07+00:00\" \/>\n<meta name=\"twitter:card\" content=\"summary_large_image\" \/>\n<meta name=\"twitter:site\" content=\"@EUSES_oficial\" \/>\n<meta name=\"twitter:label1\" content=\"Tiempo de lectura\" \/>\n\t<meta name=\"twitter:data1\" content=\"1 minuto\" \/>\n<script type=\"application\/ld+json\" class=\"yoast-schema-graph\">{\"@context\":\"https:\\\/\\\/schema.org\",\"@graph\":[{\"@type\":\"WebPage\",\"@id\":\"https:\\\/\\\/girona.euses.cat\\\/es\\\/visita-campus-salt\\\/\",\"url\":\"https:\\\/\\\/girona.euses.cat\\\/es\\\/visita-campus-salt\\\/\",\"name\":\"Visitas campus | Euses - Campus de Salt (Girona)\",\"isPartOf\":{\"@id\":\"https:\\\/\\\/girona.euses.cat\\\/#website\"},\"datePublished\":\"2021-11-23T11:01:15+00:00\",\"dateModified\":\"2025-01-15T12:46:07+00:00\",\"breadcrumb\":{\"@id\":\"https:\\\/\\\/girona.euses.cat\\\/es\\\/visita-campus-salt\\\/#breadcrumb\"},\"inLanguage\":\"es\",\"potentialAction\":[{\"@type\":\"ReadAction\",\"target\":[\"https:\\\/\\\/girona.euses.cat\\\/es\\\/visita-campus-salt\\\/\"]}]},{\"@type\":\"BreadcrumbList\",\"@id\":\"https:\\\/\\\/girona.euses.cat\\\/es\\\/visita-campus-salt\\\/#breadcrumb\",\"itemListElement\":[{\"@type\":\"ListItem\",\"position\":1,\"name\":\"Portada\",\"item\":\"https:\\\/\\\/girona.euses.cat\\\/es\\\/\"},{\"@type\":\"ListItem\",\"position\":2,\"name\":\"Visitas campus\"}]},{\"@type\":\"WebSite\",\"@id\":\"https:\\\/\\\/girona.euses.cat\\\/#website\",\"url\":\"https:\\\/\\\/girona.euses.cat\\\/\",\"name\":\"Euses - Campus de Salt (Girona)\",\"description\":\"EUSES, Escola Universit\u00e0ria de Fisioter\u00e0pia i CAFE\",\"potentialAction\":[{\"@type\":\"SearchAction\",\"target\":{\"@type\":\"EntryPoint\",\"urlTemplate\":\"https:\\\/\\\/girona.euses.cat\\\/?s={search_term_string}\"},\"query-input\":{\"@type\":\"PropertyValueSpecification\",\"valueRequired\":true,\"valueName\":\"search_term_string\"}}],\"inLanguage\":\"es\"}]}<\/script>\n<!-- \/ Yoast SEO plugin. -->","yoast_head_json":{"title":"Visitas campus | Euses - Campus de Salt (Girona)","robots":{"index":"index","follow":"follow","max-snippet":"max-snippet:-1","max-image-preview":"max-image-preview:large","max-video-preview":"max-video-preview:-1"},"canonical":"https:\/\/girona.euses.cat\/es\/visita-campus-salt\/","og_locale":"es_ES","og_type":"article","og_title":"Visitas campus | Euses - Campus de Salt (Girona)","og_url":"https:\/\/girona.euses.cat\/es\/visita-campus-salt\/","og_site_name":"Euses - Campus de Salt (Girona)","article_publisher":"https:\/\/www.facebook.com\/EUSESoficial","article_modified_time":"2025-01-15T12:46:07+00:00","twitter_card":"summary_large_image","twitter_site":"@EUSES_oficial","twitter_misc":{"Tiempo de lectura":"1 minuto"},"schema":{"@context":"https:\/\/schema.org","@graph":[{"@type":"WebPage","@id":"https:\/\/girona.euses.cat\/es\/visita-campus-salt\/","url":"https:\/\/girona.euses.cat\/es\/visita-campus-salt\/","name":"Visitas campus | Euses - Campus de Salt (Girona)","isPartOf":{"@id":"https:\/\/girona.euses.cat\/#website"},"datePublished":"2021-11-23T11:01:15+00:00","dateModified":"2025-01-15T12:46:07+00:00","breadcrumb":{"@id":"https:\/\/girona.euses.cat\/es\/visita-campus-salt\/#breadcrumb"},"inLanguage":"es","potentialAction":[{"@type":"ReadAction","target":["https:\/\/girona.euses.cat\/es\/visita-campus-salt\/"]}]},{"@type":"BreadcrumbList","@id":"https:\/\/girona.euses.cat\/es\/visita-campus-salt\/#breadcrumb","itemListElement":[{"@type":"ListItem","position":1,"name":"Portada","item":"https:\/\/girona.euses.cat\/es\/"},{"@type":"ListItem","position":2,"name":"Visitas campus"}]},{"@type":"WebSite","@id":"https:\/\/girona.euses.cat\/#website","url":"https:\/\/girona.euses.cat\/","name":"Euses - Campus de Salt (Girona)","description":"EUSES, Escola Universit\u00e0ria de Fisioter\u00e0pia i CAFE","potentialAction":[{"@type":"SearchAction","target":{"@type":"EntryPoint","urlTemplate":"https:\/\/girona.euses.cat\/?s={search_term_string}"},"query-input":{"@type":"PropertyValueSpecification","valueRequired":true,"valueName":"search_term_string"}}],"inLanguage":"es"}]}},"_links":{"self":[{"href":"https:\/\/girona.euses.cat\/es\/wp-json\/wp\/v2\/pages\/85595","targetHints":{"allow":["GET"]}}],"collection":[{"href":"https:\/\/girona.euses.cat\/es\/wp-json\/wp\/v2\/pages"}],"about":[{"href":"https:\/\/girona.euses.cat\/es\/wp-json\/wp\/v2\/types\/page"}],"author":[{"embeddable":true,"href":"https:\/\/girona.euses.cat\/es\/wp-json\/wp\/v2\/users\/1"}],"replies":[{"embeddable":true,"href":"https:\/\/girona.euses.cat\/es\/wp-json\/wp\/v2\/comments?post=85595"}],"version-history":[{"count":2,"href":"https:\/\/girona.euses.cat\/es\/wp-json\/wp\/v2\/pages\/85595\/revisions"}],"predecessor-version":[{"id":106480,"href":"https:\/\/girona.euses.cat\/es\/wp-json\/wp\/v2\/pages\/85595\/revisions\/106480"}],"wp:attachment":[{"href":"https:\/\/girona.euses.cat\/es\/wp-json\/wp\/v2\/media?parent=85595"}],"curies":[{"name":"wp","href":"https:\/\/api.w.org\/{rel}","templated":true}]}}